{"id":89784,"date":"2021-04-18T06:08:52","date_gmt":"2021-04-18T04:08:52","guid":{"rendered":"https:\/\/crafthub.events\/stretch-conference\/"},"modified":"2023-11-23T11:41:17","modified_gmt":"2023-11-23T09:41:17","slug":"stretch-conference","status":"publish","type":"page","link":"https:\/\/crafthub.events\/hu\/stretch-conference\/","title":{"rendered":"Stretch Konferencia"},"content":{"rendered":"<div class=\"wpb-content-wrapper\"><p>[vc_section][vc_row row_height_percent=&#8221;0&#8243; override_padding=&#8221;yes&#8221; h_padding=&#8221;2&#8243; top_padding=&#8221;3&#8243; bottom_padding=&#8221;2&#8243; overlay_alpha=&#8221;50&#8243; gutter_size=&#8221;3&#8243; column_width_percent=&#8221;100&#8243; shift_y=&#8221;0&#8243; z_index=&#8221;0&#8243; uncode_shortcode_id=&#8221;827110&#8243;][vc_column width=&#8221;7\/12&#8243;][vc_single_image media=&#8221;88676&#8243; media_width_use_pixel=&#8221;yes&#8221; media_width_pixel=&#8221;300&#8243;][vc_column_text uncode_shortcode_id=&#8221;736408&#8243;]<strong>A <a style=\"color: #f18500;\" href=\"https:\/\/www.facebook.com\/events\/909245097075022\" target=\"_blank\" rel=\"noopener\">Compass Tech Summit<\/a> r\u00e9sze<\/strong>[\/vc_column_text][vc_column_text uncode_shortcode_id=&#8221;749113&#8243;]<strong>T\u00e9ma:<\/strong> Leadership \u00e9s menedzsment<br \/>\n<strong>Helysz\u00edn:<\/strong> Budapest (Magyarorsz\u00e1g) \u00e9s online<br \/>\n<strong>K\u00f6vetkez\u0151 konferencia:<\/strong> 2024. okt\u00f3ber 3-4.<\/p>\n<p>Nemzetk\u00f6zi platform \u00e9s k\u00f6z\u00f6ss\u00e9g olyan szem\u00e9lyek sz\u00e1m\u00e1ra, akik \u00faj szintre emeln\u00e9k vezet\u0151i \u00e9s menedzsment eszk\u00f6zt\u00e1rukat. A r\u00e9sztvev\u0151k megoszthatj\u00e1k t\u00f6rt\u00e9neteiket, gyakorlati megold\u00e1saikat \u00e9s felfedezhetnek \u00faj lehet\u0151s\u00e9geket, vezet\u00e9si st\u00edlusokat, ir\u00e1nyzatokat, illetve fejleszthetik vezet\u0151i kommunik\u00e1ci\u00f3jukat \u00e9s d\u00f6nt\u00e9sk\u00e9pess\u00e9g\u00fcket.[\/vc_column_text][vc_column_text uncode_shortcode_id=&#8221;666663&#8243;]<span data-sheets-root=\"1\" data-sheets-value=\"{\"1\":2,\"2\":\"Since 2023, this conference is part of the Compass Tech Summit, which brings 5 conferences under one roof, discussing UX\/UI, AI, data, product management and engineering leadership.\"}\" data-sheets-userformat=\"{\"2\":897,\"3\":{\"1\":0},\"10\":1,\"11\":4,\"12\":0}\">A konferencia 2023-ban el\u0151sz\u00f6r \u00f6t m\u00e1sik konferenci\u00e1val egy\u00fctt ker\u00fclt megrendez\u00e9sre, a Compass Tech Summit keretein bel\u00fcl.<\/span>[\/vc_column_text][\/vc_column][vc_column column_width_percent=&#8221;100&#8243; align_horizontal=&#8221;align_center&#8221; gutter_size=&#8221;3&#8243; overlay_alpha=&#8221;50&#8243; shift_x=&#8221;0&#8243; shift_y=&#8221;0&#8243; shift_y_down=&#8221;0&#8243; z_index=&#8221;0&#8243; medium_width=&#8221;0&#8243; mobile_width=&#8221;0&#8243; width=&#8221;5\/12&#8243;][vc_single_image media=&#8221;92176&#8243; media_width_percent=&#8221;100&#8243; uncode_shortcode_id=&#8221;161761&#8243;][vc_button size=&#8221;btn-lg&#8221; wide=&#8221;yes&#8221; border_width=&#8221;0&#8243; icon_position=&#8221;right&#8221; link=&#8221;url:https%3A%2F%2Fwww.stretchcon.com%2F|target:_blank|rel:nofollow|&#8221; icon=&#8221;fa fa-link3&#8243; button_color_type=&#8221;uncode-solid&#8221; button_color_solid=&#8221;#00a75d&#8221; uncode_shortcode_id=&#8221;181374&#8243;]www.stretchcon.com[\/vc_button][\/vc_column][\/vc_row][\/vc_section][vc_section back_color=&#8221;color-lxmt&#8221; overlay_alpha=&#8221;50&#8243; uncode_shortcode_id=&#8221;923705&#8243; back_color_type=&#8221;uncode-palette&#8221;][vc_row row_height_percent=&#8221;0&#8243; override_padding=&#8221;yes&#8221; h_padding=&#8221;2&#8243; top_padding=&#8221;3&#8243; bottom_padding=&#8221;0&#8243; overlay_alpha=&#8221;50&#8243; gutter_size=&#8221;3&#8243; column_width_percent=&#8221;100&#8243; shift_y=&#8221;0&#8243; z_index=&#8221;0&#8243; uncode_shortcode_id=&#8221;167821&#8243;][vc_column column_width_percent=&#8221;100&#8243; position_vertical=&#8221;middle&#8221; align_horizontal=&#8221;align_center&#8221; gutter_size=&#8221;3&#8243; overlay_alpha=&#8221;50&#8243; shift_x=&#8221;0&#8243; shift_y=&#8221;0&#8243; shift_y_down=&#8221;0&#8243; z_index=&#8221;0&#8243; medium_width=&#8221;0&#8243; mobile_width=&#8221;0&#8243; width=&#8221;1\/1&#8243; uncode_shortcode_id=&#8221;702631&#8243;][vc_custom_heading uncode_shortcode_id=&#8221;164854&#8243;]A Compass Tech Summit 2023 sz\u00e1mokban[\/vc_custom_heading][\/vc_column][\/vc_row][vc_row row_height_percent=&#8221;0&#8243; override_padding=&#8221;yes&#8221; h_padding=&#8221;2&#8243; top_padding=&#8221;2&#8243; bottom_padding=&#8221;3&#8243; overlay_alpha=&#8221;50&#8243; gutter_size=&#8221;3&#8243; column_width_percent=&#8221;100&#8243; shift_y=&#8221;0&#8243; z_index=&#8221;0&#8243; uncode_shortcode_id=&#8221;404153&#8243;][vc_column column_width_percent=&#8221;100&#8243; align_horizontal=&#8221;align_center&#8221; gutter_size=&#8221;3&#8243; overlay_alpha=&#8221;50&#8243; shift_x=&#8221;0&#8243; shift_y=&#8221;0&#8243; shift_y_down=&#8221;0&#8243; z_index=&#8221;0&#8243; medium_width=&#8221;0&#8243; mobile_width=&#8221;0&#8243; width=&#8221;1\/4&#8243;][uncode_counter value=&#8221;1300&#8243; counter_color=&#8221;&#8221; size=&#8221;h2&#8243; weight=&#8221;700&#8243; separator=&#8221;yes&#8221; text=&#8221;r\u00e9sztvev\u0151&#8221; suffix=&#8221;+&#8221; uncode_shortcode_id=&#8221;766259&#8243;][\/vc_column][vc_column column_width_percent=&#8221;100&#8243; align_horizontal=&#8221;align_center&#8221; gutter_size=&#8221;3&#8243; overlay_alpha=&#8221;50&#8243; shift_x=&#8221;0&#8243; shift_y=&#8221;0&#8243; shift_y_down=&#8221;0&#8243; z_index=&#8221;0&#8243; medium_width=&#8221;0&#8243; mobile_width=&#8221;0&#8243; width=&#8221;1\/4&#8243;][uncode_counter value=&#8221;70&#8243; counter_color=&#8221;&#8221; size=&#8221;h2&#8243; weight=&#8221;700&#8243; separator=&#8221;yes&#8221; text=&#8221;el\u0151ad\u00f3&#8221; uncode_shortcode_id=&#8221;128343&#8243; suffix=&#8221;+&#8221;][\/vc_column][vc_column column_width_percent=&#8221;100&#8243; align_horizontal=&#8221;align_center&#8221; gutter_size=&#8221;3&#8243; overlay_alpha=&#8221;50&#8243; shift_x=&#8221;0&#8243; shift_y=&#8221;0&#8243; shift_y_down=&#8221;0&#8243; z_index=&#8221;0&#8243; medium_width=&#8221;0&#8243; mobile_width=&#8221;0&#8243; width=&#8221;1\/4&#8243; uncode_shortcode_id=&#8221;198843&#8243;][uncode_counter value=&#8221;2&#8243; counter_color=&#8221;&#8221; size=&#8221;h2&#8243; weight=&#8221;700&#8243; separator=&#8221;yes&#8221; text=&#8221;nap&#8221; uncode_shortcode_id=&#8221;174698&#8243;][\/vc_column][vc_column column_width_percent=&#8221;100&#8243; align_horizontal=&#8221;align_center&#8221; gutter_size=&#8221;3&#8243; overlay_alpha=&#8221;50&#8243; shift_x=&#8221;0&#8243; shift_y=&#8221;0&#8243; shift_y_down=&#8221;0&#8243; z_index=&#8221;0&#8243; medium_width=&#8221;0&#8243; mobile_width=&#8221;0&#8243; width=&#8221;1\/4&#8243; uncode_shortcode_id=&#8221;827823&#8243;][uncode_counter value=&#8221;20&#8243; counter_color=&#8221;&#8221; size=&#8221;h2&#8243; weight=&#8221;700&#8243; separator=&#8221;yes&#8221; text=&#8221;partner&#8221; uncode_shortcode_id=&#8221;138231&#8243; suffix=&#8221;+&#8221;][\/vc_column][\/vc_row][\/vc_section]<\/p>\n<\/div>","protected":false},"excerpt":{"rendered":"<p>Nemzetk\u00f6zi platform \u00e9s k\u00f6z\u00f6ss\u00e9g olyan szem\u00e9lyek sz\u00e1m\u00e1ra, akik \u00faj szintre emeln\u00e9k vezet\u0151i \u00e9s menedzsment eszk\u00f6zt\u00e1rukat. A r\u00e9sztvev\u0151k megoszthatj\u00e1k t\u00f6rt\u00e9neteiket, gyakorlati megold\u00e1saikat \u00e9s felfedezhetnek \u00faj lehet\u0151s\u00e9geket, vezet\u00e9si st\u00edlusokat, ir\u00e1nyzatokat, illetve fejleszthetik vezet\u0151i kommunik\u00e1ci\u00f3jukat \u00e9s d\u00f6nt\u00e9sk\u00e9pess\u00e9g\u00fcket.<\/p>\n","protected":false},"author":1,"featured_media":89458,"parent":0,"menu_order":0,"comment_status":"closed","ping_status":"closed","template":"","meta":{"_acf_changed":false,"footnotes":""},"class_list":["post-89784","page","type-page","status-publish","has-post-thumbnail","hentry"],"acf":[],"yoast_head":"<!-- This site is optimized with the Yoast SEO plugin v27.4 - https:\/\/yoast.com\/product\/yoast-seo-wordpress\/ -->\n<title>Stretch Menedzsment Konferencia Budapesten - Hibrid - CraftHub<\/title>\n<meta name=\"description\" content=\"Nemzetk\u00f6zi vezet\u0151i \u00e9s menedzsment konferencia Budapesten, ahol a szakma legnagyobbjait\u00f3l tanulhatnak a menedzsment kih\u00edv\u00e1sair\u00f3l k\u00fcl\u00f6nleges f\u00f3kusszal a m\u00e9rn\u00f6kiparra.\" \/>\n<meta name=\"robots\" content=\"index, follow, max-snippet:-1, max-image-preview:large, max-video-preview:-1\" \/>\n<link rel=\"canonical\" href=\"https:\/\/crafthub.events\/hu\/stretch-conference\/\" \/>\n<meta property=\"og:locale\" content=\"hu_HU\" \/>\n<meta property=\"og:type\" content=\"article\" \/>\n<meta property=\"og:title\" content=\"Stretch Menedzsment Konferencia Budapesten - Hibrid - CraftHub\" \/>\n<meta property=\"og:description\" content=\"Nemzetk\u00f6zi vezet\u0151i \u00e9s menedzsment konferencia Budapesten, ahol a szakma legnagyobbjait\u00f3l tanulhatnak a menedzsment kih\u00edv\u00e1sair\u00f3l k\u00fcl\u00f6nleges f\u00f3kusszal a m\u00e9rn\u00f6kiparra.\" \/>\n<meta property=\"og:url\" content=\"https:\/\/crafthub.events\/hu\/stretch-conference\/\" \/>\n<meta property=\"og:site_name\" content=\"CraftHub\" \/>\n<meta property=\"article:publisher\" content=\"https:\/\/www.facebook.com\/Crafthub.events\" \/>\n<meta property=\"article:modified_time\" content=\"2023-11-23T09:41:17+00:00\" \/>\n<meta property=\"og:image\" content=\"https:\/\/crafthub.events\/wp-content\/uploads\/konf.jpg\" \/>\n\t<meta property=\"og:image:width\" content=\"1200\" \/>\n\t<meta property=\"og:image:height\" content=\"801\" \/>\n\t<meta property=\"og:image:type\" content=\"image\/jpeg\" \/>\n<meta name=\"twitter:card\" content=\"summary_large_image\" \/>\n<meta name=\"twitter:site\" content=\"@CrafthubE\" \/>\n<meta name=\"twitter:label1\" content=\"Becs\u00fclt olvas\u00e1si id\u0151\" \/>\n\t<meta name=\"twitter:data1\" content=\"3 perc\" \/>\n<script type=\"application\/ld+json\" class=\"yoast-schema-graph\">{\"@context\":\"https:\\\/\\\/schema.org\",\"@graph\":[{\"@type\":\"WebPage\",\"@id\":\"https:\\\/\\\/crafthub.events\\\/hu\\\/stretch-conference\\\/\",\"url\":\"https:\\\/\\\/crafthub.events\\\/hu\\\/stretch-conference\\\/\",\"name\":\"Stretch Menedzsment Konferencia Budapesten - Hibrid - CraftHub\",\"isPartOf\":{\"@id\":\"https:\\\/\\\/crafthub.events\\\/hu\\\/#website\"},\"primaryImageOfPage\":{\"@id\":\"https:\\\/\\\/crafthub.events\\\/hu\\\/stretch-conference\\\/#primaryimage\"},\"image\":{\"@id\":\"https:\\\/\\\/crafthub.events\\\/hu\\\/stretch-conference\\\/#primaryimage\"},\"thumbnailUrl\":\"https:\\\/\\\/crafthub.events\\\/wp-content\\\/uploads\\\/konf.jpg\",\"datePublished\":\"2021-04-18T04:08:52+00:00\",\"dateModified\":\"2023-11-23T09:41:17+00:00\",\"description\":\"Nemzetk\u00f6zi vezet\u0151i \u00e9s menedzsment konferencia Budapesten, ahol a szakma legnagyobbjait\u00f3l tanulhatnak a menedzsment kih\u00edv\u00e1sair\u00f3l k\u00fcl\u00f6nleges f\u00f3kusszal a m\u00e9rn\u00f6kiparra.\",\"breadcrumb\":{\"@id\":\"https:\\\/\\\/crafthub.events\\\/hu\\\/stretch-conference\\\/#breadcrumb\"},\"inLanguage\":\"hu\",\"potentialAction\":[{\"@type\":\"ReadAction\",\"target\":[\"https:\\\/\\\/crafthub.events\\\/hu\\\/stretch-conference\\\/\"]}]},{\"@type\":\"ImageObject\",\"inLanguage\":\"hu\",\"@id\":\"https:\\\/\\\/crafthub.events\\\/hu\\\/stretch-conference\\\/#primaryimage\",\"url\":\"https:\\\/\\\/crafthub.events\\\/wp-content\\\/uploads\\\/konf.jpg\",\"contentUrl\":\"https:\\\/\\\/crafthub.events\\\/wp-content\\\/uploads\\\/konf.jpg\",\"width\":1200,\"height\":801},{\"@type\":\"BreadcrumbList\",\"@id\":\"https:\\\/\\\/crafthub.events\\\/hu\\\/stretch-conference\\\/#breadcrumb\",\"itemListElement\":[{\"@type\":\"ListItem\",\"position\":1,\"name\":\"Kezd\u0151lap\",\"item\":\"https:\\\/\\\/crafthub.events\\\/hu\\\/\"},{\"@type\":\"ListItem\",\"position\":2,\"name\":\"Stretch Konferencia\"}]},{\"@type\":\"WebSite\",\"@id\":\"https:\\\/\\\/crafthub.events\\\/hu\\\/#website\",\"url\":\"https:\\\/\\\/crafthub.events\\\/hu\\\/\",\"name\":\"CraftHub\",\"description\":\"The craft that you need!\",\"publisher\":{\"@id\":\"https:\\\/\\\/crafthub.events\\\/hu\\\/#organization\"},\"potentialAction\":[{\"@type\":\"SearchAction\",\"target\":{\"@type\":\"EntryPoint\",\"urlTemplate\":\"https:\\\/\\\/crafthub.events\\\/hu\\\/?s={search_term_string}\"},\"query-input\":{\"@type\":\"PropertyValueSpecification\",\"valueRequired\":true,\"valueName\":\"search_term_string\"}}],\"inLanguage\":\"hu\"},{\"@type\":\"Organization\",\"@id\":\"https:\\\/\\\/crafthub.events\\\/hu\\\/#organization\",\"name\":\"CraftHub\",\"url\":\"https:\\\/\\\/crafthub.events\\\/hu\\\/\",\"logo\":{\"@type\":\"ImageObject\",\"inLanguage\":\"hu\",\"@id\":\"https:\\\/\\\/crafthub.events\\\/hu\\\/#\\\/schema\\\/logo\\\/image\\\/\",\"url\":\"https:\\\/\\\/crafthub.events\\\/wp-content\\\/uploads\\\/ch.png\",\"contentUrl\":\"https:\\\/\\\/crafthub.events\\\/wp-content\\\/uploads\\\/ch.png\",\"width\":747,\"height\":693,\"caption\":\"CraftHub\"},\"image\":{\"@id\":\"https:\\\/\\\/crafthub.events\\\/hu\\\/#\\\/schema\\\/logo\\\/image\\\/\"},\"sameAs\":[\"https:\\\/\\\/www.facebook.com\\\/Crafthub.events\",\"https:\\\/\\\/x.com\\\/CrafthubE\",\"https:\\\/\\\/www.instagram.com\\\/crafthubevents\\\/\",\"https:\\\/\\\/www.linkedin.com\\\/company\\\/68526749\\\/admin\\\/\",\"https:\\\/\\\/www.youtube.com\\\/channel\\\/UC9E-wqsOP_1nRKXWIWPBhXw\"]}]}<\/script>\n<!-- \/ Yoast SEO plugin. -->","yoast_head_json":{"title":"Stretch Menedzsment Konferencia Budapesten - Hibrid - CraftHub","description":"Nemzetk\u00f6zi vezet\u0151i \u00e9s menedzsment konferencia Budapesten, ahol a szakma legnagyobbjait\u00f3l tanulhatnak a menedzsment kih\u00edv\u00e1sair\u00f3l k\u00fcl\u00f6nleges f\u00f3kusszal a m\u00e9rn\u00f6kiparra.","robots":{"index":"index","follow":"follow","max-snippet":"max-snippet:-1","max-image-preview":"max-image-preview:large","max-video-preview":"max-video-preview:-1"},"canonical":"https:\/\/crafthub.events\/hu\/stretch-conference\/","og_locale":"hu_HU","og_type":"article","og_title":"Stretch Menedzsment Konferencia Budapesten - Hibrid - CraftHub","og_description":"Nemzetk\u00f6zi vezet\u0151i \u00e9s menedzsment konferencia Budapesten, ahol a szakma legnagyobbjait\u00f3l tanulhatnak a menedzsment kih\u00edv\u00e1sair\u00f3l k\u00fcl\u00f6nleges f\u00f3kusszal a m\u00e9rn\u00f6kiparra.","og_url":"https:\/\/crafthub.events\/hu\/stretch-conference\/","og_site_name":"CraftHub","article_publisher":"https:\/\/www.facebook.com\/Crafthub.events","article_modified_time":"2023-11-23T09:41:17+00:00","og_image":[{"width":1200,"height":801,"url":"https:\/\/crafthub.events\/wp-content\/uploads\/konf.jpg","type":"image\/jpeg"}],"twitter_card":"summary_large_image","twitter_site":"@CrafthubE","twitter_misc":{"Becs\u00fclt olvas\u00e1si id\u0151":"3 perc"},"schema":{"@context":"https:\/\/schema.org","@graph":[{"@type":"WebPage","@id":"https:\/\/crafthub.events\/hu\/stretch-conference\/","url":"https:\/\/crafthub.events\/hu\/stretch-conference\/","name":"Stretch Menedzsment Konferencia Budapesten - Hibrid - CraftHub","isPartOf":{"@id":"https:\/\/crafthub.events\/hu\/#website"},"primaryImageOfPage":{"@id":"https:\/\/crafthub.events\/hu\/stretch-conference\/#primaryimage"},"image":{"@id":"https:\/\/crafthub.events\/hu\/stretch-conference\/#primaryimage"},"thumbnailUrl":"https:\/\/crafthub.events\/wp-content\/uploads\/konf.jpg","datePublished":"2021-04-18T04:08:52+00:00","dateModified":"2023-11-23T09:41:17+00:00","description":"Nemzetk\u00f6zi vezet\u0151i \u00e9s menedzsment konferencia Budapesten, ahol a szakma legnagyobbjait\u00f3l tanulhatnak a menedzsment kih\u00edv\u00e1sair\u00f3l k\u00fcl\u00f6nleges f\u00f3kusszal a m\u00e9rn\u00f6kiparra.","breadcrumb":{"@id":"https:\/\/crafthub.events\/hu\/stretch-conference\/#breadcrumb"},"inLanguage":"hu","potentialAction":[{"@type":"ReadAction","target":["https:\/\/crafthub.events\/hu\/stretch-conference\/"]}]},{"@type":"ImageObject","inLanguage":"hu","@id":"https:\/\/crafthub.events\/hu\/stretch-conference\/#primaryimage","url":"https:\/\/crafthub.events\/wp-content\/uploads\/konf.jpg","contentUrl":"https:\/\/crafthub.events\/wp-content\/uploads\/konf.jpg","width":1200,"height":801},{"@type":"BreadcrumbList","@id":"https:\/\/crafthub.events\/hu\/stretch-conference\/#breadcrumb","itemListElement":[{"@type":"ListItem","position":1,"name":"Kezd\u0151lap","item":"https:\/\/crafthub.events\/hu\/"},{"@type":"ListItem","position":2,"name":"Stretch Konferencia"}]},{"@type":"WebSite","@id":"https:\/\/crafthub.events\/hu\/#website","url":"https:\/\/crafthub.events\/hu\/","name":"CraftHub","description":"The craft that you need!","publisher":{"@id":"https:\/\/crafthub.events\/hu\/#organization"},"potentialAction":[{"@type":"SearchAction","target":{"@type":"EntryPoint","urlTemplate":"https:\/\/crafthub.events\/hu\/?s={search_term_string}"},"query-input":{"@type":"PropertyValueSpecification","valueRequired":true,"valueName":"search_term_string"}}],"inLanguage":"hu"},{"@type":"Organization","@id":"https:\/\/crafthub.events\/hu\/#organization","name":"CraftHub","url":"https:\/\/crafthub.events\/hu\/","logo":{"@type":"ImageObject","inLanguage":"hu","@id":"https:\/\/crafthub.events\/hu\/#\/schema\/logo\/image\/","url":"https:\/\/crafthub.events\/wp-content\/uploads\/ch.png","contentUrl":"https:\/\/crafthub.events\/wp-content\/uploads\/ch.png","width":747,"height":693,"caption":"CraftHub"},"image":{"@id":"https:\/\/crafthub.events\/hu\/#\/schema\/logo\/image\/"},"sameAs":["https:\/\/www.facebook.com\/Crafthub.events","https:\/\/x.com\/CrafthubE","https:\/\/www.instagram.com\/crafthubevents\/","https:\/\/www.linkedin.com\/company\/68526749\/admin\/","https:\/\/www.youtube.com\/channel\/UC9E-wqsOP_1nRKXWIWPBhXw"]}]}},"_links":{"self":[{"href":"https:\/\/crafthub.events\/hu\/wp-json\/wp\/v2\/pages\/89784","targetHints":{"allow":["GET"]}}],"collection":[{"href":"https:\/\/crafthub.events\/hu\/wp-json\/wp\/v2\/pages"}],"about":[{"href":"https:\/\/crafthub.events\/hu\/wp-json\/wp\/v2\/types\/page"}],"author":[{"embeddable":true,"href":"https:\/\/crafthub.events\/hu\/wp-json\/wp\/v2\/users\/1"}],"replies":[{"embeddable":true,"href":"https:\/\/crafthub.events\/hu\/wp-json\/wp\/v2\/comments?post=89784"}],"version-history":[{"count":53,"href":"https:\/\/crafthub.events\/hu\/wp-json\/wp\/v2\/pages\/89784\/revisions"}],"predecessor-version":[{"id":92216,"href":"https:\/\/crafthub.events\/hu\/wp-json\/wp\/v2\/pages\/89784\/revisions\/92216"}],"wp:featuredmedia":[{"embeddable":true,"href":"https:\/\/crafthub.events\/hu\/wp-json\/wp\/v2\/media\/89458"}],"wp:attachment":[{"href":"https:\/\/crafthub.events\/hu\/wp-json\/wp\/v2\/media?parent=89784"}],"curies":[{"name":"wp","href":"https:\/\/api.w.org\/{rel}","templated":true}]}}